{"id":266,"date":"2023-11-09T10:47:41","date_gmt":"2023-11-09T09:47:41","guid":{"rendered":"https:\/\/cieeltriciclo.com\/?page_id=266"},"modified":"2026-04-13T19:41:20","modified_gmt":"2026-04-13T17:41:20","slug":"actualites","status":"publish","type":"page","link":"https:\/\/cieeltriciclo.com\/index.php\/acceuil\/actualites\/","title":{"rendered":"Actualit\u00e9s"},"content":{"rendered":"\n<p><\/p>\n\n\n\n<p class=\"has-large-font-size\"><\/p>\n\n\n\n<p class=\"has-text-align-center has-large-font-size\"><strong>PROCHAINE CREATION:<\/strong><\/p>\n\n\n\n<p class=\"has-text-align-center has-large-font-size\"><strong> jeune Public \u00e0 partir de 4 ans \/ JUIN 2026 <\/strong><br><strong>\u00ab\u00a0LES JOYEUX LURONS DE LA FORET\u00a0\u00bb <\/strong><br><strong>d&rsquo;apr\u00e8s l&rsquo;album d&rsquo;Anthony Martinez<\/strong><\/p>\n\n\n\n<div class=\"wp-block-media-text is-stacked-on-mobile\" style=\"grid-template-columns:41% auto\"><figure class=\"wp-block-media-text__media\"><img loading=\"lazy\" decoding=\"async\" width=\"456\" height=\"640\" src=\"https:\/\/cieeltriciclo.com\/wp-content\/uploads\/2026\/04\/IMG_7441-1.jpeg\" alt=\"\" class=\"wp-image-1083 size-full\" srcset=\"https:\/\/cieeltriciclo.com\/wp-content\/uploads\/2026\/04\/IMG_7441-1.jpeg 456w, https:\/\/cieeltriciclo.com\/wp-content\/uploads\/2026\/04\/IMG_7441-1-214x300.jpeg 214w\" sizes=\"auto, (max-width: 456px) 100vw, 456px\" \/><\/figure><div class=\"wp-block-media-text__content\">\n<p class=\"has-large-font-size\"><br>Les joyeux lurons c\u2019est une troupe de com\u00e9diens loufoques et tendres aux caract\u00e8res bien tremp\u00e9s&nbsp;&nbsp;qui vont vous \u00e9tonner et vous \u00e9mouvoir en vous racontant leurs petites histoires de la for\u00eat.<br>Une com\u00e9die en cinq actes pour neuf marionnettes vous invite \u00e0 la l\u00e9g\u00e8ret\u00e9 avec des dialogues tout en humour \u2026 et en musique!&nbsp;<\/p>\n<\/div><\/div>\n\n\n\n<p class=\"has-text-align-center has-large-font-size\"><br><strong>\u00ab\u00a0Les Lurons de la for\u00eat<\/strong>\u00a0\u00bb pour La F\u00eate Du Livre Vivant 2026 le 27 juin \u00e0 Thuir.<\/p>\n\n\n\n<p class=\"has-text-align-center has-large-font-size\"><em>Genre :&nbsp;<\/em><strong>Th\u00e9\u00e2tre et marionnettes<\/strong>&nbsp;<br>Avec et de: Juliette Mouchonnat et Thibault Cr\u00e9pin<\/p>\n\n\n\n<p><\/p>\n\n\n\n<p><\/p>\n\n\n\n<p class=\"has-text-align-center has-contrast-2-color has-text-color has-link-color has-large-font-size wp-elements-0e6f85489a8f249d6c54480fb5c48798\"><strong><a href=\"https:\/\/cieeltriciclo.com\/index.php\/lorage\/\">L\u2019ORAGE<\/a><\/strong><br>Spectacle tout jeune public \u00e0 partir de 12 mois (cr\u00e9ation 2024)<\/p>\n\n\n\n<div class=\"wp-block-columns is-layout-flex wp-container-core-columns-is-layout-9d6595d7 wp-block-columns-is-layout-flex\">\n<div class=\"wp-block-column is-layout-flow wp-block-column-is-layout-flow\" style=\"flex-basis:33.33%\">\n<figure class=\"wp-block-image size-full is-resized\"><img loading=\"lazy\" decoding=\"async\" width=\"1920\" height=\"1080\" src=\"https:\/\/cieeltriciclo.com\/wp-content\/uploads\/2024\/06\/image4.jpg\" alt=\"\" class=\"wp-image-950\" style=\"width:356px;height:auto\" srcset=\"https:\/\/cieeltriciclo.com\/wp-content\/uploads\/2024\/06\/image4.jpg 1920w, https:\/\/cieeltriciclo.com\/wp-content\/uploads\/2024\/06\/image4-300x169.jpg 300w, https:\/\/cieeltriciclo.com\/wp-content\/uploads\/2024\/06\/image4-1024x576.jpg 1024w, https:\/\/cieeltriciclo.com\/wp-content\/uploads\/2024\/06\/image4-768x432.jpg 768w, https:\/\/cieeltriciclo.com\/wp-content\/uploads\/2024\/06\/image4-1536x864.jpg 1536w\" sizes=\"auto, (max-width: 1920px) 100vw, 1920px\" \/><\/figure>\n<\/div>\n\n\n\n<div class=\"wp-block-column is-layout-flow wp-block-column-is-layout-flow\" style=\"flex-basis:66.66%\">\n<h4 class=\"wp-block-heading\">&nbsp;<em>Marionnettes,&nbsp;pop\u2019up,&nbsp;ombres&nbsp;chinoises et musique<\/em><\/h4>\n\n\n\n<p class=\"has-medium-font-size\">Le 30 mai 2023 en sortie de r\u00e9sidence \u00e0 la Grange au Causse de la Selle (34) pour le festival \u00ab&nbsp;La dinette&nbsp;\u00bb<\/p>\n<\/div>\n<\/div>\n\n\n<div class=\"wp-block-image\">\n<figure class=\"aligncenter size-full is-resized\"><img loading=\"lazy\" decoding=\"async\" width=\"71\" height=\"23\" src=\"https:\/\/cieeltriciclo.com\/wp-content\/uploads\/2023\/11\/ornament-archaic.png\" alt=\"\" class=\"wp-image-245\" style=\"width:115px\"\/><\/figure>\n<\/div>\n\n\n<p class=\"has-accent-color has-text-color has-link-color wp-elements-7c9e328a1463a8db631fd05d84a420d0\" style=\"font-size:30px\"><\/p>\n\n\n\n<p class=\"has-text-align-center has-accent-color has-text-color has-link-color wp-elements-81a6303c2ce5ad90ff387c790f74c739\" style=\"font-size:30px\"><strong>Spectacle jeune public \u00e0 partir de 6 ans<\/strong><br><strong><a href=\"https:\/\/cieeltriciclo.com\/index.php\/mariemoto\/\">MARI MOTO <\/a><\/strong><br><strong>d\u2019apr\u00e8s l\u2019album de Doroth\u00e9e de Monfreid<\/strong><\/p>\n\n\n<div class=\"wp-block-image\">\n<figure class=\"aligncenter is-resized\"><a href=\"https:\/\/cieeltriciclo.com\/index.php\/mariemoto\/\"><img decoding=\"async\" src=\"https:\/\/compagnieeltriciclo.files.wordpress.com\/2023\/04\/mari-moto.jpg\" alt=\"\" class=\"wp-image-2324\" style=\"width:354px;height:auto\"\/><\/a><\/figure>\n<\/div>\n\n\n<p><\/p>\n\n\n\n<p class=\"has-text-align-center has-medium-font-size\">Cr\u00e9ation Pour La FDLV le 3 juin 2023 \u00e0 Perpignan avec LA M\u00e9diath\u00e8que d\u00e9partementale des Pyr\u00e9n\u00e9es Orientales<\/p>\n\n\n\n<p class=\"has-text-align-center has-medium-font-size\">(MARIONNETTES ET MUSIQUE)<\/p>\n\n\n<div class=\"wp-block-image\">\n<figure class=\"aligncenter size-full is-resized\"><img loading=\"lazy\" decoding=\"async\" width=\"71\" height=\"23\" src=\"https:\/\/cieeltriciclo.com\/wp-content\/uploads\/2023\/11\/ornament-archaic.png\" alt=\"\" class=\"wp-image-245\" style=\"width:103px\"\/><\/figure>\n<\/div>","protected":false},"excerpt":{"rendered":"<p>PROCHAINE CREATION: jeune Public \u00e0 partir de 4 ans \/ JUIN 2026 \u00ab\u00a0LES JOYEUX LURONS DE LA FORET\u00a0\u00bb d&rsquo;apr\u00e8s l&rsquo;album d&rsquo;Anthony Martinez Les joyeux lurons c\u2019est une troupe de com\u00e9diens loufoques et tendres aux caract\u00e8res bien tremp\u00e9s&nbsp;&nbsp;qui vont vous \u00e9tonner et vous \u00e9mouvoir en vous racontant leurs petites histoires de la for\u00eat.Une com\u00e9die en cinq &#8230; <a title=\"Actualit\u00e9s\" class=\"read-more\" href=\"https:\/\/cieeltriciclo.com\/index.php\/acceuil\/actualites\/\" aria-label=\"Plus sur Actualit\u00e9s\">Lire plus<\/a><\/p>\n","protected":false},"author":1,"featured_media":0,"parent":276,"menu_order":0,"comment_status":"closed","ping_status":"closed","template":"","meta":{"footnotes":""},"class_list":["post-266","page","type-page","status-publish"],"_links":{"self":[{"href":"https:\/\/cieeltriciclo.com\/index.php\/wp-json\/wp\/v2\/pages\/266","targetHints":{"allow":["GET"]}}],"collection":[{"href":"https:\/\/cieeltriciclo.com\/index.php\/wp-json\/wp\/v2\/pages"}],"about":[{"href":"https:\/\/cieeltriciclo.com\/index.php\/wp-json\/wp\/v2\/types\/page"}],"author":[{"embeddable":true,"href":"https:\/\/cieeltriciclo.com\/index.php\/wp-json\/wp\/v2\/users\/1"}],"replies":[{"embeddable":true,"href":"https:\/\/cieeltriciclo.com\/index.php\/wp-json\/wp\/v2\/comments?post=266"}],"version-history":[{"count":29,"href":"https:\/\/cieeltriciclo.com\/index.php\/wp-json\/wp\/v2\/pages\/266\/revisions"}],"predecessor-version":[{"id":1091,"href":"https:\/\/cieeltriciclo.com\/index.php\/wp-json\/wp\/v2\/pages\/266\/revisions\/1091"}],"up":[{"embeddable":true,"href":"https:\/\/cieeltriciclo.com\/index.php\/wp-json\/wp\/v2\/pages\/276"}],"wp:attachment":[{"href":"https:\/\/cieeltriciclo.com\/index.php\/wp-json\/wp\/v2\/media?parent=266"}],"curies":[{"name":"wp","href":"https:\/\/api.w.org\/{rel}","templated":true}]}}